{"id":1678,"date":"2014-07-01T16:04:39","date_gmt":"2014-07-01T16:04:39","guid":{"rendered":"https:\/\/atmintiesvietos.azuolynobiblioteka.lt\/projets\/the-bohemia-of-laisves-aleja-memory-sites\/"},"modified":"2026-08-21T06:24:12","modified_gmt":"2026-08-21T06:24:12","slug":"the-bohemia-of-laisves-aleja-memory-sites","status":"publish","type":"projets","link":"https:\/\/atmintiesvietos.azuolynobiblioteka.lt\/en\/projets\/the-bohemia-of-laisves-aleja-memory-sites\/","title":{"rendered":"The Bohemia of Laisv\u0117s Al\u0117ja: Memory Sites"},"content":{"rendered":"<p>On 25\u201327 of October 2013, VMU art gallery \u201c101\u201d introduced a memory project in Laisv\u0117s Al\u0117ja called \u201cThe Bohemia of Laisv\u0117s Al\u0117ja: Memory Sites\u201d. Artists who participated in the project, namely Arnas Anskaitis, Dainius Li\u0161kevi\u010dius, Vita Gel\u016bnien\u0117, Ed Carroll, Gintaras \u010cesonis and Inga Lik\u0161ait\u0117, explored memory sites of the bohemian life in Laisv\u0117s Al\u0117ja: material and symbolic places, events, people, and rituals. They also created artistic projects (re)constructing collective and individual stories related to the memory of bohemian life in Laisv\u0117s Al\u0117ja.<\/p>\n<p>To this very day, the identity of Laisv\u0117s Al\u0117ja and Kaunas city is shaped by the legends of free bohemian life bustling here in the past, caf\u00e9s at Laisv\u0117s Al\u0117ja that used to thrive and are now gone, restaurants, eccentric poets, rebellious painters and genial musicians. The never-ending stories about people of the art world, memorable events and signs like gathering places of artists, journalists, professors and those who believed in the free-spirited creativity (Konrado caf\u00e9\/Tulp\u0117 (Tulip), Laum\u0117, Metropolis, Versalis \/ Jaunimo (Youth) caf\u00e9\/ Vakaras, Orbita), creative spaces (theaters, pantomime group and other independent communes of like-minded people) are bright signs of city history and tradition of bohemian life still alive in the collective memory of city residents. The myths about the free bohemian life that buzzed in Laisv\u0117s Al\u0117ja and around it has become one of the most important part of the uniqueness of Kaunas and its identity.<\/p>\n<p>This entirety of cultural sites and signs that evoke collective associations or as, named by French historian Pierre Nora, memory sites (<em>lieux de m\u00e9moire<\/em>), are not simple signs of recognition of the past. They spring from strong emotional sources and one of the most important conditions for their existence is making communicative and emotional connections: creating stories, sharing memories, listening and making them your own. Being a memory community, we remember, because we are remembered, because we can remember together with others.<\/p>\n<p>The aim of this project is to remember together and tell stories about collective memory sites which are stirred in us by the myth of free, rebellious and carefree bohemian life of Laisv\u0117s Al\u0117ja. The purpose of this project is to bring the past into focus and stimulate the collective memory, create the dialogue between the memory and history that would allow us to see the history of (sub)cultural life in Laisv\u0117s Al\u0117ja in a different light.<\/p>\n<p><strong>Programme of the project:<\/strong><\/p>\n<p>Art event\u2013walk by <strong>Vita Gel\u016bnien\u0117<\/strong> and <strong>Ed Carroll<\/strong> called \u201cPaldieninkas: patirk laisv\u0119 naujai\u201d (Paldieninkas: experience freedom in a new way\u201d).* This trip took place on a lunch break (\u201cpaldieninkas\u201d is a word used during the inter war period to describe meetings, the participant of which \u201cprepared themselves for the art work\u201d), thus, it included food for body and soul: its participants started by nourishing their body with Paldieninkas soup and finished by sharing food for soul created for this occasion.<\/p>\n<p>\u201cIstorijos prie kavos: pokalbiai su jaunaisiais menininkais\u201d (Stories with A Cup of Coffee: Conversations with Young Artists) is an initiative by <strong>Vaid\u0117 Legotait\u0117<\/strong> and <strong>Ana \u010ci\u017eauskien\u0117<\/strong> following the project \u201cThe Bohemia of Laisv\u0117s Al\u0117ja: Memory Sites\u201d. It is the second season of the project \u201cIstorijos prie kavos\u201d (Stories with A Cup of Coffee) that invited the residents of Kaunas to listen to audio recordings of the young artists of Kaunas musing over the topic of the bohemian life.<\/p>\n<p>Smoke sculpture-performance by <strong>Dainius Li\u0161kevi\u010dius<\/strong> \u201cVienos minut\u0117s Jurgio Ma\u010di\u016bno portretas, sakantis CIAO!\u201d (One-minute portrait of George Ma\u010di\u016bnas saying CIAO!) The artist has created a ghost-like instantaneous creation, as a reference to the revolutionary events of the Soviet times as an important collective memory of this place. Together it is also a greeting of Ma\u010di\u016bnas to the bohemians from the times of contemporary capital, soviet occupation, current and existing in Laisv\u0117s Al\u0117ja. It is an emotional connection between the cultural life of the past and contemporary cultural event in Laisv\u0117s Al\u0117ja.<\/p>\n<p>Installation by <strong>Arnas Anskaitis<\/strong> \u201cSvaj\u016bnas\u201d introduced in the cinema room of Tadas Ivanauskas Zoological Museum. It is an attempt by the artist to remember partly true, partly imagined young and unknown artist who lived in Kaunas in the 1970s.<\/p>\n<p>Project by <strong>Gintaras \u010cesonis<\/strong> \u201cBohemos b\u016bvis, 2013, Kaunas\u201d (The State of Bohemia, 2013, Kaunas) was presented in the former vine caf\u00e9 Ta\u0161kas A. In this project, the artist is looking for the answer what are the bohemians? A legend, phenomenon of the past or reality and the present?<\/p>\n<p>The event also featured a video project by <strong>Inga Lik\u0161ait\u0117<\/strong> \u201cDing\u0119\u201d (Lost) based on a poem by Gintaras Patackas \u201cMyriop i\u0161\u0117jusi bohema\u201d (Bohemians that Followed Death) Claudia Rohrmoser\/AU, music: Angela Aux \/DE).<\/p>\n<p>At the end of the day, everyone who loves Laisv\u0117s Al\u0117ja were invited to an open discussion about the future of cultural life in Laisv\u0117s Al\u0117ja.<\/p>\n<p><strong>\u00a0<\/strong><\/p>\n","protected":false},"excerpt":{"rendered":"<p>On 25\u201327 of October 2013, VMU art gallery \u201c101\u201d introduced a memory project in Laisv\u0117s Al\u0117ja called \u201cThe Bohemia of Laisv\u0117s Al\u0117ja: Memory Sites\u201d. Artists who participated in the project, namely Arnas Anskaitis, Dainius Li\u0161kevi\u010dius, Vita Gel\u016bnien\u0117, Ed Carroll, Gintaras \u010cesonis and Inga Lik\u0161ait\u0117, explored memory sites of the bohemian life in Laisv\u0117s Al\u0117ja: material [&hellip;]<\/p>\n","protected":false},"featured_media":2459,"template":"","meta":{"_acf_changed":false,"footnotes":""},"global_cat":[],"projets_cat":[91,89],"class_list":["post-1678","projets","type-projets","status-publish","has-post-thumbnail","hentry","projets_cat-art-projects","projets_cat-meno-projektai"],"acf":[],"yoast_head":"<!-- This site is optimized with the Yoast SEO plugin v28.4 - https:\/\/yoast.com\/product\/yoast-seo-wordpress\/ -->\n<title>The Bohemia of Laisv\u0117s Al\u0117ja: Memory Sites - atmintiesvietos<\/title>\n<meta name=\"robots\" content=\"noindex, follow, max-snippet:-1, max-image-preview:large, max-video-preview:-1\" \/>\n<meta property=\"og:locale\" content=\"en_US\" \/>\n<meta property=\"og:type\" content=\"article\" \/>\n<meta property=\"og:title\" content=\"The Bohemia of Laisv\u0117s Al\u0117ja: Memory Sites - atmintiesvietos\" \/>\n<meta property=\"og:description\" content=\"On 25\u201327 of October 2013, VMU art gallery \u201c101\u201d introduced a memory project in Laisv\u0117s Al\u0117ja called \u201cThe Bohemia of Laisv\u0117s Al\u0117ja: Memory Sites\u201d. Artists who participated in the project, namely Arnas Anskaitis, Dainius Li\u0161kevi\u010dius, Vita Gel\u016bnien\u0117, Ed Carroll, Gintaras \u010cesonis and Inga Lik\u0161ait\u0117, explored memory sites of the bohemian life in Laisv\u0117s Al\u0117ja: material [&hellip;]\" \/>\n<meta property=\"og:url\" content=\"https:\/\/atmintiesvietos.azuolynobiblioteka.lt\/en\/projets\/the-bohemia-of-laisves-aleja-memory-sites\/\" \/>\n<meta property=\"og:site_name\" content=\"atmintiesvietos\" \/>\n<meta property=\"article:modified_time\" content=\"2026-08-21T06:24:12+00:00\" \/>\n<meta property=\"og:image\" content=\"https:\/\/atmintiesvietos.azuolynobiblioteka.lt\/wp-content\/uploads\/2014\/07\/1378788-10151967061064271-2107323856-n.jpg\" \/>\n\t<meta property=\"og:image:width\" content=\"960\" \/>\n\t<meta property=\"og:image:height\" content=\"638\" \/>\n\t<meta property=\"og:image:type\" content=\"image\/jpeg\" \/>\n<meta name=\"twitter:card\" content=\"summary_large_image\" \/>\n<meta name=\"twitter:label1\" content=\"Est. reading time\" \/>\n\t<meta name=\"twitter:data1\" content=\"4 minutes\" \/>\n<script type=\"application\/ld+json\" class=\"yoast-schema-graph\">{\"@context\":\"https:\\\/\\\/schema.org\",\"@graph\":[{\"@type\":\"WebPage\",\"@id\":\"https:\\\/\\\/atmintiesvietos.azuolynobiblioteka.lt\\\/en\\\/projets\\\/the-bohemia-of-laisves-aleja-memory-sites\\\/\",\"url\":\"https:\\\/\\\/atmintiesvietos.azuolynobiblioteka.lt\\\/en\\\/projets\\\/the-bohemia-of-laisves-aleja-memory-sites\\\/\",\"name\":\"The Bohemia of Laisv\u0117s Al\u0117ja: Memory Sites - atmintiesvietos\",\"isPartOf\":{\"@id\":\"https:\\\/\\\/atmintiesvietos.azuolynobiblioteka.lt\\\/en\\\/#website\"},\"primaryImageOfPage\":{\"@id\":\"https:\\\/\\\/atmintiesvietos.azuolynobiblioteka.lt\\\/en\\\/projets\\\/the-bohemia-of-laisves-aleja-memory-sites\\\/#primaryimage\"},\"image\":{\"@id\":\"https:\\\/\\\/atmintiesvietos.azuolynobiblioteka.lt\\\/en\\\/projets\\\/the-bohemia-of-laisves-aleja-memory-sites\\\/#primaryimage\"},\"thumbnailUrl\":\"https:\\\/\\\/atmintiesvietos.azuolynobiblioteka.lt\\\/wp-content\\\/uploads\\\/2014\\\/07\\\/1378788-10151967061064271-2107323856-n.jpg\",\"datePublished\":\"2014-07-01T16:04:39+00:00\",\"dateModified\":\"2026-08-21T06:24:12+00:00\",\"breadcrumb\":{\"@id\":\"https:\\\/\\\/atmintiesvietos.azuolynobiblioteka.lt\\\/en\\\/projets\\\/the-bohemia-of-laisves-aleja-memory-sites\\\/#breadcrumb\"},\"inLanguage\":\"en-US\",\"potentialAction\":[{\"@type\":\"ReadAction\",\"target\":[\"https:\\\/\\\/atmintiesvietos.azuolynobiblioteka.lt\\\/en\\\/projets\\\/the-bohemia-of-laisves-aleja-memory-sites\\\/\"]}]},{\"@type\":\"ImageObject\",\"inLanguage\":\"en-US\",\"@id\":\"https:\\\/\\\/atmintiesvietos.azuolynobiblioteka.lt\\\/en\\\/projets\\\/the-bohemia-of-laisves-aleja-memory-sites\\\/#primaryimage\",\"url\":\"https:\\\/\\\/atmintiesvietos.azuolynobiblioteka.lt\\\/wp-content\\\/uploads\\\/2014\\\/07\\\/1378788-10151967061064271-2107323856-n.jpg\",\"contentUrl\":\"https:\\\/\\\/atmintiesvietos.azuolynobiblioteka.lt\\\/wp-content\\\/uploads\\\/2014\\\/07\\\/1378788-10151967061064271-2107323856-n.jpg\",\"width\":960,\"height\":638,\"caption\":\"An art installation by Vita Gel\u016bnien\u0117 and Ed Carroll\u2014a walk titled \u201cPaldieninkas: Experience Freedom in a New Way.\u201d Photo by Jonas Petronis, 2013.\"},{\"@type\":\"BreadcrumbList\",\"@id\":\"https:\\\/\\\/atmintiesvietos.azuolynobiblioteka.lt\\\/en\\\/projets\\\/the-bohemia-of-laisves-aleja-memory-sites\\\/#breadcrumb\",\"itemListElement\":[{\"@type\":\"ListItem\",\"position\":1,\"name\":\"Prad\u017eia\",\"item\":\"https:\\\/\\\/atmintiesvietos.azuolynobiblioteka.lt\\\/en\\\/\"},{\"@type\":\"ListItem\",\"position\":2,\"name\":\"The Bohemia of Laisv\u0117s Al\u0117ja: Memory Sites\"}]},{\"@type\":\"WebSite\",\"@id\":\"https:\\\/\\\/atmintiesvietos.azuolynobiblioteka.lt\\\/en\\\/#website\",\"url\":\"https:\\\/\\\/atmintiesvietos.azuolynobiblioteka.lt\\\/en\\\/\",\"name\":\"atmintiesvietos.azuolynobiblioteka\",\"description\":\"\",\"potentialAction\":[{\"@type\":\"SearchAction\",\"target\":{\"@type\":\"EntryPoint\",\"urlTemplate\":\"https:\\\/\\\/atmintiesvietos.azuolynobiblioteka.lt\\\/en\\\/?s={search_term_string}\"},\"query-input\":{\"@type\":\"PropertyValueSpecification\",\"valueRequired\":true,\"valueName\":\"search_term_string\"}}],\"inLanguage\":\"en-US\"}]}<\/script>\n<!-- \/ Yoast SEO plugin. -->","yoast_head_json":{"title":"The Bohemia of Laisv\u0117s Al\u0117ja: Memory Sites - atmintiesvietos","robots":{"index":"noindex","follow":"follow","max-snippet":"max-snippet:-1","max-image-preview":"max-image-preview:large","max-video-preview":"max-video-preview:-1"},"og_locale":"en_US","og_type":"article","og_title":"The Bohemia of Laisv\u0117s Al\u0117ja: Memory Sites - atmintiesvietos","og_description":"On 25\u201327 of October 2013, VMU art gallery \u201c101\u201d introduced a memory project in Laisv\u0117s Al\u0117ja called \u201cThe Bohemia of Laisv\u0117s Al\u0117ja: Memory Sites\u201d. Artists who participated in the project, namely Arnas Anskaitis, Dainius Li\u0161kevi\u010dius, Vita Gel\u016bnien\u0117, Ed Carroll, Gintaras \u010cesonis and Inga Lik\u0161ait\u0117, explored memory sites of the bohemian life in Laisv\u0117s Al\u0117ja: material [&hellip;]","og_url":"https:\/\/atmintiesvietos.azuolynobiblioteka.lt\/en\/projets\/the-bohemia-of-laisves-aleja-memory-sites\/","og_site_name":"atmintiesvietos","article_modified_time":"2026-08-21T06:24:12+00:00","og_image":[{"width":960,"height":638,"url":"https:\/\/atmintiesvietos.azuolynobiblioteka.lt\/wp-content\/uploads\/2014\/07\/1378788-10151967061064271-2107323856-n.jpg","type":"image\/jpeg"}],"twitter_card":"summary_large_image","twitter_misc":{"Est. reading time":"4 minutes"},"schema":{"@context":"https:\/\/schema.org","@graph":[{"@type":"WebPage","@id":"https:\/\/atmintiesvietos.azuolynobiblioteka.lt\/en\/projets\/the-bohemia-of-laisves-aleja-memory-sites\/","url":"https:\/\/atmintiesvietos.azuolynobiblioteka.lt\/en\/projets\/the-bohemia-of-laisves-aleja-memory-sites\/","name":"The Bohemia of Laisv\u0117s Al\u0117ja: Memory Sites - atmintiesvietos","isPartOf":{"@id":"https:\/\/atmintiesvietos.azuolynobiblioteka.lt\/en\/#website"},"primaryImageOfPage":{"@id":"https:\/\/atmintiesvietos.azuolynobiblioteka.lt\/en\/projets\/the-bohemia-of-laisves-aleja-memory-sites\/#primaryimage"},"image":{"@id":"https:\/\/atmintiesvietos.azuolynobiblioteka.lt\/en\/projets\/the-bohemia-of-laisves-aleja-memory-sites\/#primaryimage"},"thumbnailUrl":"https:\/\/atmintiesvietos.azuolynobiblioteka.lt\/wp-content\/uploads\/2014\/07\/1378788-10151967061064271-2107323856-n.jpg","datePublished":"2014-07-01T16:04:39+00:00","dateModified":"2026-08-21T06:24:12+00:00","breadcrumb":{"@id":"https:\/\/atmintiesvietos.azuolynobiblioteka.lt\/en\/projets\/the-bohemia-of-laisves-aleja-memory-sites\/#breadcrumb"},"inLanguage":"en-US","potentialAction":[{"@type":"ReadAction","target":["https:\/\/atmintiesvietos.azuolynobiblioteka.lt\/en\/projets\/the-bohemia-of-laisves-aleja-memory-sites\/"]}]},{"@type":"ImageObject","inLanguage":"en-US","@id":"https:\/\/atmintiesvietos.azuolynobiblioteka.lt\/en\/projets\/the-bohemia-of-laisves-aleja-memory-sites\/#primaryimage","url":"https:\/\/atmintiesvietos.azuolynobiblioteka.lt\/wp-content\/uploads\/2014\/07\/1378788-10151967061064271-2107323856-n.jpg","contentUrl":"https:\/\/atmintiesvietos.azuolynobiblioteka.lt\/wp-content\/uploads\/2014\/07\/1378788-10151967061064271-2107323856-n.jpg","width":960,"height":638,"caption":"An art installation by Vita Gel\u016bnien\u0117 and Ed Carroll\u2014a walk titled \u201cPaldieninkas: Experience Freedom in a New Way.\u201d Photo by Jonas Petronis, 2013."},{"@type":"BreadcrumbList","@id":"https:\/\/atmintiesvietos.azuolynobiblioteka.lt\/en\/projets\/the-bohemia-of-laisves-aleja-memory-sites\/#breadcrumb","itemListElement":[{"@type":"ListItem","position":1,"name":"Prad\u017eia","item":"https:\/\/atmintiesvietos.azuolynobiblioteka.lt\/en\/"},{"@type":"ListItem","position":2,"name":"The Bohemia of Laisv\u0117s Al\u0117ja: Memory Sites"}]},{"@type":"WebSite","@id":"https:\/\/atmintiesvietos.azuolynobiblioteka.lt\/en\/#website","url":"https:\/\/atmintiesvietos.azuolynobiblioteka.lt\/en\/","name":"atmintiesvietos.azuolynobiblioteka","description":"","potentialAction":[{"@type":"SearchAction","target":{"@type":"EntryPoint","urlTemplate":"https:\/\/atmintiesvietos.azuolynobiblioteka.lt\/en\/?s={search_term_string}"},"query-input":{"@type":"PropertyValueSpecification","valueRequired":true,"valueName":"search_term_string"}}],"inLanguage":"en-US"}]}},"_links":{"self":[{"href":"https:\/\/atmintiesvietos.azuolynobiblioteka.lt\/en\/wp-json\/wp\/v2\/projets\/1678","targetHints":{"allow":["GET"]}}],"collection":[{"href":"https:\/\/atmintiesvietos.azuolynobiblioteka.lt\/en\/wp-json\/wp\/v2\/projets"}],"about":[{"href":"https:\/\/atmintiesvietos.azuolynobiblioteka.lt\/en\/wp-json\/wp\/v2\/types\/projets"}],"version-history":[{"count":1,"href":"https:\/\/atmintiesvietos.azuolynobiblioteka.lt\/en\/wp-json\/wp\/v2\/projets\/1678\/revisions"}],"predecessor-version":[{"id":4796,"href":"https:\/\/atmintiesvietos.azuolynobiblioteka.lt\/en\/wp-json\/wp\/v2\/projets\/1678\/revisions\/4796"}],"wp:featuredmedia":[{"embeddable":true,"href":"https:\/\/atmintiesvietos.azuolynobiblioteka.lt\/en\/wp-json\/wp\/v2\/media\/2459"}],"wp:attachment":[{"href":"https:\/\/atmintiesvietos.azuolynobiblioteka.lt\/en\/wp-json\/wp\/v2\/media?parent=1678"}],"wp:term":[{"taxonomy":"global_cat","embeddable":true,"href":"https:\/\/atmintiesvietos.azuolynobiblioteka.lt\/en\/wp-json\/wp\/v2\/global_cat?post=1678"},{"taxonomy":"projets_cat","embeddable":true,"href":"https:\/\/atmintiesvietos.azuolynobiblioteka.lt\/en\/wp-json\/wp\/v2\/projets_cat?post=1678"}],"curies":[{"name":"wp","href":"https:\/\/api.w.org\/{rel}","templated":true}]}}