{"id":1555,"date":"2014-06-30T20:50:54","date_gmt":"2014-06-30T20:50:54","guid":{"rendered":"https:\/\/atmintiesvietos.azuolynobiblioteka.lt\/palces\/namas-gedimino-g-56\/"},"modified":"2026-08-25T07:26:57","modified_gmt":"2026-08-25T07:26:57","slug":"namas-gedimino-g-56","status":"publish","type":"palces","link":"https:\/\/atmintiesvietos.azuolynobiblioteka.lt\/en\/palces\/namas-gedimino-g-56\/","title":{"rendered":"Namas Gedimino g. 56"},"content":{"rendered":"\n<h2 class=\"wp-block-heading\">I\u0161trauka i\u0161 Juditos Vai\u010di\u016bnait\u0117s atsiminim\u0173 knygos &#8220;Vaikyst\u0117s Veidrody&#8221;<\/h2>\n\n\n\n<p class=\"wp-block-paragraph\"><span>\u201eTelefon\u0173 knyga\u201c<\/span><\/p>\n\n\n\n<p class=\"wp-block-paragraph\">Tarp sen\u0173 popieri\u0173 m\u0117tosi ir telefon\u0173 knyga. Pageltusi, apiply\u0161usi, prie\u0161karin\u0117. LIETUVOS TELEFONO ABONENT\u0172 S\u0104RA\u0160AS 1940 METAMS. PA\u0160TO VALDYBOS LEIDINYS. Atsiver\u010diu puslap\u012f, kur Kaunas, raid\u0117 V: Vai\u010di\u016bnas, Viktoras, d\u2013ras, nerv\u0173 ir vidaus lig\u0173 gydytojas (15\u201318 vai.) Gedimino g\u2013v\u0117 42, bt. 4, 26821. Taip, tai mano t\u0117vo pavard\u0117, tai m\u016bs\u0173 adresas, tai m\u016bs\u0173 telefono numeris. Niekada jo neu\u017emir\u0161au. Nors buvau labai ma\u017ea, kai telefon\u0105 per kar\u0105 konfiskavo, lyg kurt\u016bs \u0161irdies d\u016b\u017eiai tebeaidi \u2013 26821. Tarytum ka\u017ekas sukt\u0173 ciferblato skritul\u012f, rinkdamas t\u0105 sen\u0105 nebeegzistuojant\u012f numer\u012f, ir \u0161tai tuoj pasigirs \u0161ai\u017eus telefono skambutis. Atsiliepti galiu tik a\u0161. Nes visi kiti mir\u0119. Atsiliepsiu \u2013 visais nervais, visa siela. O gal ir pati suku i\u0161 l\u0117to skai\u010dius ir skambinu \u012f tams\u0105, \u012f tu\u0161tum\u0105. Atsiliepkit, atsi\u0161aukit! Kaip a\u0161 j\u016bs\u0173 pasiilgau. Kaip a\u0161 jus myliu.<\/p>\n\n\n\n<p class=\"wp-block-paragraph\">Tas namas tebestovi ir \u0161iandien. Tik jo numeris kitas ir baltos emaliuotos metalin\u0117s lentel\u0117s prie paradini\u0173 dur\u0173, skelbian\u010dios, kuriom valandom priima gydytojas, jau penkiasde\u0161imt met\u0173 neb\u0117ra. Namas triauk\u0161tis, m\u016brinis, su erkeriu, su bok\u0161teliu, gatv\u0117s, sukan\u010dios ir kylan\u010dios \u012f kaln\u0105, kampe. Viena jo siena belang\u0117, visa apaugusi mil\u017eini\u0161ku vijokliu, pilnu \u010diulban\u010di\u0173 pauk\u0161\u010di\u0173, daugiausia \u017evirbli\u0173. Tik baland\u017ei\u0173 nebuvo. Gird\u0117jau, kad nam\u0105 pasistat\u0117 viengungiai amerikonai \u2013 brolis ir sesuo. Visi \u0161e\u0161i jo butai buvo nuomojami. Prie\u0161 kar\u0105 keliuose butuose gyveno ir tragi\u0161ko likimo \u017eyd\u0173 \u0161eimos, bet a\u0161 apie tai jau nieko ne\u017einau, o pasiklausti seniai neb\u0117ra kieno. O vietov\u0117 kalvota. \u010cia pat kyla didingi \u017demai\u010di\u0173 laiptai i\u0161 granito. Kiek auk\u0161\u010diau \u2013 stat\u016bs Dz\u016bk\u0173 laiptai. Tuoj u\u017e gatv\u0117s pos\u016bkio atsiveria erdv\u016bs, \u017ealiomis kalvomis \u012fr\u0117minti irgi granitiniai Kauko laiptai, turb\u016bt gra\u017eiausi gatv\u0117s laiptai pasauly. O jeigu pasuksi \u012f kit\u0105 pus\u0119 \u2013 \u012f Putvinskio gatv\u0119, ten rasi medinius paslaptingus Au\u0161ros Tako laiptus, o dar toliau laiptus, vir\u0161 kuri\u0173 st\u016bkso nebaigta statyti Prisik\u0117limo ba\u017eny\u010dia. Visi jie ved\u0117 auk\u0161tyn, tik auk\u0161tyn. \u012e dangaus begalyb\u0119, \u012f pasak\u0105 kop\u0117 laiptais ir karalait\u0117 dideliam Kazio \u0160imonio paveiksle, kabojusiame m\u016bs\u0173 salone. Syk\u012f \u017eiem\u0105 va\u017eiavau pro t\u0105 vaikyst\u0117s nam\u0105 autobusiuku su kolegom ra\u0161ytojais, atvykusiais \u012f literat\u016brin\u012f rengin\u012f Kaune, ir kai ma\u0161ina, nusileidusi \u017demai\u010di\u0173 gatve, staiga pasuko, ka\u017ekas pasak\u0117: \u201eKaip Gruzijoj\u201c. O tada gatv\u0117se ma\u0161in\u0173 b\u016bdavo labai ma\u017eai, ir mes leisdavom\u0117s apsnigta \u017demai\u010di\u0173 gatve rogut\u0117mis, \u2013 daugyb\u0117 vaik\u0173, ilgiausia rogi\u0173 vilkstin\u0117.<br>M\u016bs\u0173 bute buvo keturi kambariai: baltas, kvepiantis vaistais t\u0117vo kabinetas, laukiamasis, pilnas ligoni\u0173, saul\u0117s u\u017elietas salonas su langais \u012f erdvi\u0105 \u017eali\u0105 tyli\u0105 gatv\u0119, su erkeriu, su dviv\u0117r\u0117m, v\u0117liau gedulingai atsiv\u0117rusiom \u012f t\u0117vo kabinet\u0105 durim, ir tamsus ni\u016brokas miegamasis su langu \u012f ank\u0161t\u0105 kaip ki\u0161en\u0117 dviauk\u0161t\u012f betonuot\u0105 kiem\u0105. Kiemas u\u017edaras, \u012f j\u012f patenkama namo koridorium, ma\u017eyt\u0117j purvinoj jo terasoj \u0161iuk\u0161liad\u0117\u017e\u0117, sand\u0117liukas su laipteliais, kuriame retkar\u010diais kas nors prisiglausdavo, ir visados u\u017erakinti vartai. Dabar ma\u010diau ten stovin\u010di\u0105 i\u0161blizgint\u0105 ma\u0161in\u0105. Kaip ir anks\u010diau \u2013 jokio \u017eolyno, jokio kr\u016bmo, jokio medelio. Tik pauk\u0161\u010di\u0173 lesykl\u0117l\u0117 ant virtuv\u0117s lango \u017evirbliams ir kokiai vieni\u0161ai zylutei. Ir prie\u0161ais st\u016bksanti did\u017eiulio namo belang\u0117 m\u016brin\u0117 siena.<br>\u0160tai tame name \u0161viesi\u0105 dar prie\u0161kario vasaros dien\u0105 parne\u0161ta i\u0161 ligonin\u0117s ir prad\u0117jau savo gyvenimo kelion\u0119. Gimiau labai ma\u017ea, ilgais juodais plaukais. \u201eTikra Judita\u201c, \u2013 pasak\u0117 pirm\u0105kart mane pamat\u0119s t\u0117vas, o vard\u0105 jau buvo i\u0161rink\u0119s Petras Vai\u010di\u016bnas. Neai\u0161kiai prisimenu save, gulin\u010di\u0105 baltai da\u017eytoj gele\u017ein\u0117j pintoj lovel\u0117j, m\u0117lyn\u0105 apmu\u0161alo g\u0117lyt\u0119, kuri\u0105 krap\u0161tin\u0117jau, kol pradraskiau. Pasilenk\u0119 t\u0117v\u0173 veidai ir dvimet\u0117 susijaudinus sesut\u0117 su \u0161viesiais lygiais kirp\u010diukais, didel\u0117m m\u0117lynom \u012fsisiurbusiom akim, audringai, su tokia meile mane sutikusi. Nuo tos akimirkos man\u0119s nebepaleido apgl\u0117busi kar\u0161ta jos rankut\u0117 \u2013 namie, gatv\u0117j, mokykloj. Niekad nebuvau viena \u2013 visad apginta, globojama, i\u0161bu\u010diuota. Kaip a\u0161 did\u017eiavausi savo seserim! Praleidau ten pirmuosius septyniolika savo gyvenimo met\u0173. Viskas ten teb\u0117ra kaip buv\u0119 \u2013 ta pati koridoriaus grind\u0173 mozaika, tas pats dur\u0173 stiklas bute. Dar taip neseniai sesuo pasak\u0117: \u201eKaip keista \u2013 visa i\u0161liko, o \u017emoni\u0173 neb\u0117ra.\u201c Dabar neb\u0117ra jau ir sesers. Tame bute gyvena \u017eila gra\u017ei inteligenti\u0161ka ponia Sofija su auksiniu sta\u010diatiki\u0173 kry\u017eeliu ant kaklo, Gudijoj ka\u017ekada dvarus pralo\u0161usio grafo Malkevi\u010diaus an\u016bk\u0117. Tame bute ji i\u0161tek\u0117jo, i\u0161augino du vaikus, sulauk\u0117 an\u016bk\u0173, slaug\u0117 mir\u0161tant\u012f vyr\u0105. Atsitiktinai u\u017eklydusi po keturiasde\u0161imties met\u0173 radau i\u0161saugotus i\u0161sikraustant u\u017emir\u0161tus savo vaikyst\u0117s eil\u0117ra\u0161\u010dius.<br>Tokius vaizdus ir jausmus man kelia atversta apdulk\u0117jus telefon\u0173 knyga. Telefono numeris \u2013 26821. Tokia nyki spengianti tyla.<\/p>\n\n\n\n<p class=\"wp-block-paragraph\"><em>Vai\u010di\u016bnait\u0117 J. 1996: Vaikyst\u0117s veidrody. Vilnius: Baltos Lankos.<\/em><\/p>\n","protected":false},"excerpt":{"rendered":"<p>I\u0161trauka i\u0161 Juditos Vai\u010di\u016bnait\u0117s atsiminim\u0173 knygos &#8220;Vaikyst\u0117s Veidrody&#8221; \u201eTelefon\u0173 knyga\u201c Tarp sen\u0173 popieri\u0173 m\u0117tosi ir telefon\u0173 knyga. Pageltusi, apiply\u0161usi, prie\u0161karin\u0117. LIETUVOS TELEFONO ABONENT\u0172 S\u0104RA\u0160AS 1940 METAMS. PA\u0160TO VALDYBOS LEIDINYS. Atsiver\u010diu puslap\u012f, kur Kaunas, raid\u0117 V: Vai\u010di\u016bnas, Viktoras, d\u2013ras, nerv\u0173 ir vidaus lig\u0173 gydytojas (15\u201318 vai.) Gedimino g\u2013v\u0117 42, bt. 4, 26821. Taip, tai mano t\u0117vo [&hellip;]<\/p>\n","protected":false},"featured_media":2146,"menu_order":0,"template":"","meta":{"_acf_changed":false,"footnotes":""},"global_cat":[43,71,29,41,63,100,140,79],"palces_cat":[],"class_list":["post-1555","palces","type-palces","status-publish","has-post-thumbnail","hentry","global_cat-43","global_cat-1996-en","global_cat-nepriklausomybe","global_cat-kita","global_cat-independence","global_cat-naujamiestis","global_cat-naujamiestis-en-100","global_cat-other"],"acf":[],"yoast_head":"<!-- This site is optimized with the Yoast SEO plugin v28.4 - https:\/\/yoast.com\/product\/yoast-seo-wordpress\/ -->\n<title>Namas Gedimino g. 56 - atmintiesvietos<\/title>\n<meta name=\"robots\" content=\"noindex, follow, max-snippet:-1, max-image-preview:large, max-video-preview:-1\" \/>\n<meta property=\"og:locale\" content=\"en_US\" \/>\n<meta property=\"og:type\" content=\"article\" \/>\n<meta property=\"og:title\" content=\"Namas Gedimino g. 56 - atmintiesvietos\" \/>\n<meta property=\"og:description\" content=\"I\u0161trauka i\u0161 Juditos Vai\u010di\u016bnait\u0117s atsiminim\u0173 knygos &#8220;Vaikyst\u0117s Veidrody&#8221; \u201eTelefon\u0173 knyga\u201c Tarp sen\u0173 popieri\u0173 m\u0117tosi ir telefon\u0173 knyga. Pageltusi, apiply\u0161usi, prie\u0161karin\u0117. LIETUVOS TELEFONO ABONENT\u0172 S\u0104RA\u0160AS 1940 METAMS. PA\u0160TO VALDYBOS LEIDINYS. Atsiver\u010diu puslap\u012f, kur Kaunas, raid\u0117 V: Vai\u010di\u016bnas, Viktoras, d\u2013ras, nerv\u0173 ir vidaus lig\u0173 gydytojas (15\u201318 vai.) Gedimino g\u2013v\u0117 42, bt. 4, 26821. Taip, tai mano t\u0117vo [&hellip;]\" \/>\n<meta property=\"og:url\" content=\"https:\/\/atmintiesvietos.azuolynobiblioteka.lt\/en\/palces\/namas-gedimino-g-56\/\" \/>\n<meta property=\"og:site_name\" content=\"atmintiesvietos\" \/>\n<meta property=\"article:modified_time\" content=\"2026-08-25T07:26:57+00:00\" \/>\n<meta property=\"og:image\" content=\"https:\/\/atmintiesvietos.azuolynobiblioteka.lt\/wp-content\/uploads\/2014\/06\/201305273123-001-scaled.jpg\" \/>\n\t<meta property=\"og:image:width\" content=\"1920\" \/>\n\t<meta property=\"og:image:height\" content=\"2560\" \/>\n\t<meta property=\"og:image:type\" content=\"image\/jpeg\" \/>\n<meta name=\"twitter:card\" content=\"summary_large_image\" \/>\n<meta name=\"twitter:label1\" content=\"Est. reading time\" \/>\n\t<meta name=\"twitter:data1\" content=\"4 minutes\" \/>\n<script type=\"application\/ld+json\" class=\"yoast-schema-graph\">{\"@context\":\"https:\\\/\\\/schema.org\",\"@graph\":[{\"@type\":\"WebPage\",\"@id\":\"https:\\\/\\\/atmintiesvietos.azuolynobiblioteka.lt\\\/en\\\/palces\\\/namas-gedimino-g-56\\\/\",\"url\":\"https:\\\/\\\/atmintiesvietos.azuolynobiblioteka.lt\\\/en\\\/palces\\\/namas-gedimino-g-56\\\/\",\"name\":\"Namas Gedimino g. 56 - atmintiesvietos\",\"isPartOf\":{\"@id\":\"https:\\\/\\\/atmintiesvietos.azuolynobiblioteka.lt\\\/en\\\/#website\"},\"primaryImageOfPage\":{\"@id\":\"https:\\\/\\\/atmintiesvietos.azuolynobiblioteka.lt\\\/en\\\/palces\\\/namas-gedimino-g-56\\\/#primaryimage\"},\"image\":{\"@id\":\"https:\\\/\\\/atmintiesvietos.azuolynobiblioteka.lt\\\/en\\\/palces\\\/namas-gedimino-g-56\\\/#primaryimage\"},\"thumbnailUrl\":\"https:\\\/\\\/atmintiesvietos.azuolynobiblioteka.lt\\\/wp-content\\\/uploads\\\/2014\\\/06\\\/201305273123-001-scaled.jpg\",\"datePublished\":\"2014-06-30T20:50:54+00:00\",\"dateModified\":\"2026-08-25T07:26:57+00:00\",\"breadcrumb\":{\"@id\":\"https:\\\/\\\/atmintiesvietos.azuolynobiblioteka.lt\\\/en\\\/palces\\\/namas-gedimino-g-56\\\/#breadcrumb\"},\"inLanguage\":\"en-US\",\"potentialAction\":[{\"@type\":\"ReadAction\",\"target\":[\"https:\\\/\\\/atmintiesvietos.azuolynobiblioteka.lt\\\/en\\\/palces\\\/namas-gedimino-g-56\\\/\"]}]},{\"@type\":\"ImageObject\",\"inLanguage\":\"en-US\",\"@id\":\"https:\\\/\\\/atmintiesvietos.azuolynobiblioteka.lt\\\/en\\\/palces\\\/namas-gedimino-g-56\\\/#primaryimage\",\"url\":\"https:\\\/\\\/atmintiesvietos.azuolynobiblioteka.lt\\\/wp-content\\\/uploads\\\/2014\\\/06\\\/201305273123-001-scaled.jpg\",\"contentUrl\":\"https:\\\/\\\/atmintiesvietos.azuolynobiblioteka.lt\\\/wp-content\\\/uploads\\\/2014\\\/06\\\/201305273123-001-scaled.jpg\",\"width\":1920,\"height\":2560,\"caption\":\"Photo: Roberto.\"},{\"@type\":\"BreadcrumbList\",\"@id\":\"https:\\\/\\\/atmintiesvietos.azuolynobiblioteka.lt\\\/en\\\/palces\\\/namas-gedimino-g-56\\\/#breadcrumb\",\"itemListElement\":[{\"@type\":\"ListItem\",\"position\":1,\"name\":\"Prad\u017eia\",\"item\":\"https:\\\/\\\/atmintiesvietos.azuolynobiblioteka.lt\\\/en\\\/\"},{\"@type\":\"ListItem\",\"position\":2,\"name\":\"Namas Gedimino g. 56\"}]},{\"@type\":\"WebSite\",\"@id\":\"https:\\\/\\\/atmintiesvietos.azuolynobiblioteka.lt\\\/en\\\/#website\",\"url\":\"https:\\\/\\\/atmintiesvietos.azuolynobiblioteka.lt\\\/en\\\/\",\"name\":\"atmintiesvietos.azuolynobiblioteka\",\"description\":\"\",\"potentialAction\":[{\"@type\":\"SearchAction\",\"target\":{\"@type\":\"EntryPoint\",\"urlTemplate\":\"https:\\\/\\\/atmintiesvietos.azuolynobiblioteka.lt\\\/en\\\/?s={search_term_string}\"},\"query-input\":{\"@type\":\"PropertyValueSpecification\",\"valueRequired\":true,\"valueName\":\"search_term_string\"}}],\"inLanguage\":\"en-US\"}]}<\/script>\n<!-- \/ Yoast SEO plugin. -->","yoast_head_json":{"title":"Namas Gedimino g. 56 - atmintiesvietos","robots":{"index":"noindex","follow":"follow","max-snippet":"max-snippet:-1","max-image-preview":"max-image-preview:large","max-video-preview":"max-video-preview:-1"},"og_locale":"en_US","og_type":"article","og_title":"Namas Gedimino g. 56 - atmintiesvietos","og_description":"I\u0161trauka i\u0161 Juditos Vai\u010di\u016bnait\u0117s atsiminim\u0173 knygos &#8220;Vaikyst\u0117s Veidrody&#8221; \u201eTelefon\u0173 knyga\u201c Tarp sen\u0173 popieri\u0173 m\u0117tosi ir telefon\u0173 knyga. Pageltusi, apiply\u0161usi, prie\u0161karin\u0117. LIETUVOS TELEFONO ABONENT\u0172 S\u0104RA\u0160AS 1940 METAMS. PA\u0160TO VALDYBOS LEIDINYS. Atsiver\u010diu puslap\u012f, kur Kaunas, raid\u0117 V: Vai\u010di\u016bnas, Viktoras, d\u2013ras, nerv\u0173 ir vidaus lig\u0173 gydytojas (15\u201318 vai.) Gedimino g\u2013v\u0117 42, bt. 4, 26821. Taip, tai mano t\u0117vo [&hellip;]","og_url":"https:\/\/atmintiesvietos.azuolynobiblioteka.lt\/en\/palces\/namas-gedimino-g-56\/","og_site_name":"atmintiesvietos","article_modified_time":"2026-08-25T07:26:57+00:00","og_image":[{"width":1920,"height":2560,"url":"https:\/\/atmintiesvietos.azuolynobiblioteka.lt\/wp-content\/uploads\/2014\/06\/201305273123-001-scaled.jpg","type":"image\/jpeg"}],"twitter_card":"summary_large_image","twitter_misc":{"Est. reading time":"4 minutes"},"schema":{"@context":"https:\/\/schema.org","@graph":[{"@type":"WebPage","@id":"https:\/\/atmintiesvietos.azuolynobiblioteka.lt\/en\/palces\/namas-gedimino-g-56\/","url":"https:\/\/atmintiesvietos.azuolynobiblioteka.lt\/en\/palces\/namas-gedimino-g-56\/","name":"Namas Gedimino g. 56 - atmintiesvietos","isPartOf":{"@id":"https:\/\/atmintiesvietos.azuolynobiblioteka.lt\/en\/#website"},"primaryImageOfPage":{"@id":"https:\/\/atmintiesvietos.azuolynobiblioteka.lt\/en\/palces\/namas-gedimino-g-56\/#primaryimage"},"image":{"@id":"https:\/\/atmintiesvietos.azuolynobiblioteka.lt\/en\/palces\/namas-gedimino-g-56\/#primaryimage"},"thumbnailUrl":"https:\/\/atmintiesvietos.azuolynobiblioteka.lt\/wp-content\/uploads\/2014\/06\/201305273123-001-scaled.jpg","datePublished":"2014-06-30T20:50:54+00:00","dateModified":"2026-08-25T07:26:57+00:00","breadcrumb":{"@id":"https:\/\/atmintiesvietos.azuolynobiblioteka.lt\/en\/palces\/namas-gedimino-g-56\/#breadcrumb"},"inLanguage":"en-US","potentialAction":[{"@type":"ReadAction","target":["https:\/\/atmintiesvietos.azuolynobiblioteka.lt\/en\/palces\/namas-gedimino-g-56\/"]}]},{"@type":"ImageObject","inLanguage":"en-US","@id":"https:\/\/atmintiesvietos.azuolynobiblioteka.lt\/en\/palces\/namas-gedimino-g-56\/#primaryimage","url":"https:\/\/atmintiesvietos.azuolynobiblioteka.lt\/wp-content\/uploads\/2014\/06\/201305273123-001-scaled.jpg","contentUrl":"https:\/\/atmintiesvietos.azuolynobiblioteka.lt\/wp-content\/uploads\/2014\/06\/201305273123-001-scaled.jpg","width":1920,"height":2560,"caption":"Photo: Roberto."},{"@type":"BreadcrumbList","@id":"https:\/\/atmintiesvietos.azuolynobiblioteka.lt\/en\/palces\/namas-gedimino-g-56\/#breadcrumb","itemListElement":[{"@type":"ListItem","position":1,"name":"Prad\u017eia","item":"https:\/\/atmintiesvietos.azuolynobiblioteka.lt\/en\/"},{"@type":"ListItem","position":2,"name":"Namas Gedimino g. 56"}]},{"@type":"WebSite","@id":"https:\/\/atmintiesvietos.azuolynobiblioteka.lt\/en\/#website","url":"https:\/\/atmintiesvietos.azuolynobiblioteka.lt\/en\/","name":"atmintiesvietos.azuolynobiblioteka","description":"","potentialAction":[{"@type":"SearchAction","target":{"@type":"EntryPoint","urlTemplate":"https:\/\/atmintiesvietos.azuolynobiblioteka.lt\/en\/?s={search_term_string}"},"query-input":{"@type":"PropertyValueSpecification","valueRequired":true,"valueName":"search_term_string"}}],"inLanguage":"en-US"}]}},"_links":{"self":[{"href":"https:\/\/atmintiesvietos.azuolynobiblioteka.lt\/en\/wp-json\/wp\/v2\/palces\/1555","targetHints":{"allow":["GET"]}}],"collection":[{"href":"https:\/\/atmintiesvietos.azuolynobiblioteka.lt\/en\/wp-json\/wp\/v2\/palces"}],"about":[{"href":"https:\/\/atmintiesvietos.azuolynobiblioteka.lt\/en\/wp-json\/wp\/v2\/types\/palces"}],"version-history":[{"count":3,"href":"https:\/\/atmintiesvietos.azuolynobiblioteka.lt\/en\/wp-json\/wp\/v2\/palces\/1555\/revisions"}],"predecessor-version":[{"id":5046,"href":"https:\/\/atmintiesvietos.azuolynobiblioteka.lt\/en\/wp-json\/wp\/v2\/palces\/1555\/revisions\/5046"}],"wp:featuredmedia":[{"embeddable":true,"href":"https:\/\/atmintiesvietos.azuolynobiblioteka.lt\/en\/wp-json\/wp\/v2\/media\/2146"}],"wp:attachment":[{"href":"https:\/\/atmintiesvietos.azuolynobiblioteka.lt\/en\/wp-json\/wp\/v2\/media?parent=1555"}],"wp:term":[{"taxonomy":"global_cat","embeddable":true,"href":"https:\/\/atmintiesvietos.azuolynobiblioteka.lt\/en\/wp-json\/wp\/v2\/global_cat?post=1555"},{"taxonomy":"palces_cat","embeddable":true,"href":"https:\/\/atmintiesvietos.azuolynobiblioteka.lt\/en\/wp-json\/wp\/v2\/palces_cat?post=1555"}],"curies":[{"name":"wp","href":"https:\/\/api.w.org\/{rel}","templated":true}]}}