{"id":4830,"date":"2026-06-22T11:00:35","date_gmt":"2026-06-22T11:00:35","guid":{"rendered":"https:\/\/atmintiesvietos.azuolynobiblioteka.lt\/memory-office\/stasys-dovydaitis\/"},"modified":"2026-08-24T09:03:22","modified_gmt":"2026-08-24T09:03:22","slug":"stasys-dovydaitis","status":"publish","type":"memory-office","link":"https:\/\/atmintiesvietos.azuolynobiblioteka.lt\/en\/memory-office\/stasys-dovydaitis\/","title":{"rendered":"Stasys Dovydaitis"},"content":{"rendered":"<p><em>Partizan Stasys Dovydaitis tells a story about All Saints&#8217; day events in 1956 in Kaunas Old Cemetery.<\/em><\/p>\n<p>\u00a0<\/p>\n<p>I am in the club of the signatories of February 16th.<br \/>The brother of my father, professor Pranas Dovydaitis was a signatory of Acto f February 16th. He was a director in \u201cAu\u0161ra\u201d gymnasium and later he lectured in the faculty of theology in Vytautas Magnus University, also he is one of the founders of the Workers\u2019 party at the time. In my childhood very often we would visit him.<\/p>\n<p>In the Kaunas Old Cemetery I was impressed by the graves of the pilots, which are now transferred to the cemetery of Seniava.<br \/>Gray crosses made out of concrete and pilots\u2019 gravestones were really decorated, tall, out of light marble, with propellers. Also, my other uncle, Vincas Dovydaitis was burried in a formal manner here \u2013 he died in 1920. He was the first commander of the Lithuanian riflers. He, along with the rifler squad were defending Valkininikai from the Polish. The whole squadron was attacked by about a hundred of the Polish, there was a huge shootout, he covered our retreating men and died whilst doing it. He was awarded with the medal of a rifler star after his death.<\/p>\n<p>I was also very impressed by the monument \u201cFor Those Who Have Died For The Motherland\u201d, which has now been rebuilt.<br \/>I have a picture with my youngest brother near the mausoleum of Steponas Darius and Stasys Gir\u0117nas. Mausoleum was built out of rose gray granite, semi-circle stairs going down. It was dark inside, I remember. I already knew about these piltos. I had received a book from professor Pranas Dovydaitis called the \u201cWinged Lithuanians \u2013 Darius and Gir\u0117nas\u201d. It was with a red cover, wonderfully red paper, wonderful book&#8230;<\/p>\n<p>In our home in 1945 near Kaunas was a partisan bunker.<br \/>Me and my father where the first ones to say goodbyes to Skirmantas Luk\u0161a when he travelled abroad. It happened during the day, in a simple carriage, which me and my father had made to have two levels of depth. We put a ton of documents, pictures there. Skirmantas laid down there, two partisans with guns laid on the other side.<br \/>Whilst I was studying there I founded the main \u201cAu\u0161ra\u201d organization antisovieckaja (anti-Soviet). I distributed a lot of pardons, especially in the Botanical garden. And later, my father would start bothering me, telling me that I was too young, that I would die. With the help of a kind teacher from Arm\u0117ni\u0161k\u0117s he forged documents for me, and I was pushed away from the forests to a communcation school in Kaunas in O\u017ee\u0161kien\u0117s street. I got a call to be in Kai\u0161iadoriai, so I re-founded the fighting organization \u201cAu\u0161ra\u201d. My father and mother had already been arrested&#8230;<br \/>In 1952 I was arrested. I turned down spying, so I was put in a brigade with a strict regime, I got sentenced for 10 years in Russia. There were also partisans from Ukraine and Belarus. I died two times, but I stayed alive. I still remember the number of the lager \u2013 it was AM244-10. I stayed not for the whole sntenced period.<\/p>\n<p>In 1956 I got back from the lager and I got into the whole mess by participating in the riot of All Saints\u2019 Day, which was dedicated to commemoration of the uprising in Hungary. We knew that people were gathering there, all city new that. You can\u2019t even imagine how many people were in the cemetery.<br \/>Me and my brother stood near the mausoleum of Darius and Gir\u0117nas, there were a ton of candles. A special uproar was next to the monument \u201cFor Those Who Have Died For The Motherland\u201d. Someone put a bunch of scarfs there and made a flag and held it up. The speakers were pretty blunt \u2013 they shouted that we need freedom, we need to fight, that we support Hungary in their fight for freedom. More and more people came&#8230; One guy was attacked by a man from the militia. I was so nervous, I said: men, there are so many of us, will we let to hurt this person? The crowd took him from the hands of militiaman. The next thing I felt was that I was being dragged somewhere. One guy, a hefty red-faced komsomol was dragging me&#8230; Both my hands put in lock, and I just had gotten back from the lager, so I thought I was dead. So I just punched the militia man, I punched his hat off and I got pulled away by the mass of people. Together with my brother we decided to back up a little so the wouldn\u2019t recognize us.<br \/>Maybe an hour had to pass for the people to heat up, and everyone started going to the city centre. So the whole mass of people started leaving the cemetery&#8230; Outside the graveyard the militia tried to cordone us off, but they were quickly dissapated. There were a bunch of people in this mass \u2013 men, women, yeong, odler&#8230; So the whole mass of people started going through Vytautas avenue, just on the driveway. The whole street was filled with people, you couldn\u2019t see neither the start nor the end of it. And me, as one of the fierce guys, I was one of the people in the front.<br \/>We had walked up to the executive building of the militia, it was closed off, the redhats were holding each other hand in hand \u2013 the army of the ministry of internal affairs \u2013 however they didn\u2019t have any weapons, just standing and cordoned off the whole corner from back to front. Because I was in one of the front rows, I don\u2019t know how but I got pushed into a guy from the security forces who had brown eyes, he was scared, he was frantically looking at people, I will never forget this. When this pushing finally broke, the whole crowd was chanting \u201cFreedom for Hungary, freedom for Lithuania!\u201d, they were yelling it in the Laisv\u0117s avenue. We were marching to the government building [now \u2013 Kaunas City Municipality building]. The red guys lived in the city centre, the people that used to live there before were mostly all exiled or killed. They opened the windows and closed the windows, opened them and closed them again. In the end, near the corner of the government building there was another chain of the redhats, they looked much angrier and the crowd started to dissapate, because some of them were grabbed in the streets, alleys, they were arrested. So we all went our own ways, and we went home. This event was like adding fuel to the fire, the whole crowd filling Vytautas avenue, Laisv\u0117s avenue&#8230; The crowd was really big.<\/p>\n<p>Around 1957 similar things repeated, I was there again, but, unfortunately, this time everyone was armed&#8230; I remember, how the helmets of the soldiers were shining because of the drizzle. They were beating people with the butt stock of the guns. Finally they decided to eliminate cemetery.<br \/>Since I lived up the hill in the city, in Vai\u017egantas street, I used to go past the cemetery to work. This one time, one red-cheeked guy said you can\u2019t walk through here \u2013 go around. I say: \u201cWhy? How come?\u201d He yelled back to me: \u201cI\u2019m telling you you can\u2019t. Get out of here, it\u2019s forbidden, there\u2019s no path here!\u201d I look past him and I see a crane, some construction workers \u2013 they were demolishing the monument \u201cFor Those Who Have Died For The Motherland\u201d. I felt really bad, I wanted to do something mischievous to them, but I couldn\u2018t&#8230; When I came to take a look at it in the evening, everything was wiped out, there were barely any footprints left of the monument.<\/p>\n<p>\u00a0<\/p>\n<p>In 1988 when we were commemorating the anniversary of the Act of Independence, the Soviets put a lot of security and militia into the streets in order to ensure people wouldn\u2019t riot and keep peace. People from a lot of work places had to stay on duty and guard the cemetery from any activities. From February 12th to the 19th, if I\u2019m not mistaken. They gathered in a middle school in front of the cemetery (currently it\u2019s the gymnasium of S. Darius and S. Gir\u0117nas). They were made to keep watch, walk in groups of 3 or 4, I wanted to be keep guard on 16th. We circle the cemetery. During the brakes they would show films filled with propaganda. I remember, one brave man said: \u201cTell us now, why the hell are we wasting our time, can you explain why? It would have been better if we reconstructed this school&#8230; And we\u2019re just sitting here, what are we supposed to do? Grab the flowers from a person if he decides to put them on a grave? You can\u2019t bring flowers to a graveyard anymore?\u201d<\/p>\n<p>Date of the interview: April 2019<\/p>\n<p>\u00a0<\/p>\n<p>\u00a0<\/p>\n","protected":false},"excerpt":{"rendered":"<p>Partizan Stasys Dovydaitis tells a story about All Saints&#8217; day events in 1956 in Kaunas Old Cemetery. \u00a0 I am in the club of the signatories of February 16th.The brother of my father, professor Pranas Dovydaitis was a signatory of Acto f February 16th. He was a director in \u201cAu\u0161ra\u201d gymnasium and later he lectured [&hellip;]<\/p>\n","protected":false},"featured_media":2886,"template":"","meta":{"_acf_changed":false,"footnotes":""},"global_cat":[],"memory_office_cat":[85,21],"class_list":["post-4830","memory-office","type-memory-office","status-publish","has-post-thumbnail","hentry","memory_office_cat-interview-with-ethnic-communities-of-kaunas","memory_office_cat-interviu-su-tautinemis-kauno-bendruomenemis"],"acf":[],"yoast_head":"<!-- This site is optimized with the Yoast SEO plugin v28.4 - https:\/\/yoast.com\/product\/yoast-seo-wordpress\/ -->\n<title>Stasys Dovydaitis - atmintiesvietos<\/title>\n<meta name=\"robots\" content=\"noindex, follow, max-snippet:-1, max-image-preview:large, max-video-preview:-1\" \/>\n<meta property=\"og:locale\" content=\"en_US\" \/>\n<meta property=\"og:type\" content=\"article\" \/>\n<meta property=\"og:title\" content=\"Stasys Dovydaitis - atmintiesvietos\" \/>\n<meta property=\"og:description\" content=\"Partizan Stasys Dovydaitis tells a story about All Saints&#8217; day events in 1956 in Kaunas Old Cemetery. \u00a0 I am in the club of the signatories of February 16th.The brother of my father, professor Pranas Dovydaitis was a signatory of Acto f February 16th. He was a director in \u201cAu\u0161ra\u201d gymnasium and later he lectured [&hellip;]\" \/>\n<meta property=\"og:url\" content=\"https:\/\/atmintiesvietos.azuolynobiblioteka.lt\/en\/memory-office\/stasys-dovydaitis\/\" \/>\n<meta property=\"og:site_name\" content=\"atmintiesvietos\" \/>\n<meta property=\"article:modified_time\" content=\"2026-08-24T09:03:22+00:00\" \/>\n<meta property=\"og:image\" content=\"https:\/\/atmintiesvietos.azuolynobiblioteka.lt\/wp-content\/uploads\/2026\/06\/IMG-1505-copy-50-scaled.jpg\" \/>\n\t<meta property=\"og:image:width\" content=\"2560\" \/>\n\t<meta property=\"og:image:height\" content=\"1707\" \/>\n\t<meta property=\"og:image:type\" content=\"image\/jpeg\" \/>\n<meta name=\"twitter:card\" content=\"summary_large_image\" \/>\n<meta name=\"twitter:label1\" content=\"Est. reading time\" \/>\n\t<meta name=\"twitter:data1\" content=\"8 minutes\" \/>\n<script type=\"application\/ld+json\" class=\"yoast-schema-graph\">{\"@context\":\"https:\\\/\\\/schema.org\",\"@graph\":[{\"@type\":\"WebPage\",\"@id\":\"https:\\\/\\\/atmintiesvietos.azuolynobiblioteka.lt\\\/en\\\/memory-office\\\/stasys-dovydaitis\\\/\",\"url\":\"https:\\\/\\\/atmintiesvietos.azuolynobiblioteka.lt\\\/en\\\/memory-office\\\/stasys-dovydaitis\\\/\",\"name\":\"Stasys Dovydaitis - atmintiesvietos\",\"isPartOf\":{\"@id\":\"https:\\\/\\\/atmintiesvietos.azuolynobiblioteka.lt\\\/en\\\/#website\"},\"primaryImageOfPage\":{\"@id\":\"https:\\\/\\\/atmintiesvietos.azuolynobiblioteka.lt\\\/en\\\/memory-office\\\/stasys-dovydaitis\\\/#primaryimage\"},\"image\":{\"@id\":\"https:\\\/\\\/atmintiesvietos.azuolynobiblioteka.lt\\\/en\\\/memory-office\\\/stasys-dovydaitis\\\/#primaryimage\"},\"thumbnailUrl\":\"https:\\\/\\\/atmintiesvietos.azuolynobiblioteka.lt\\\/wp-content\\\/uploads\\\/2026\\\/06\\\/IMG-1505-copy-50-scaled.jpg\",\"datePublished\":\"2026-06-22T11:00:35+00:00\",\"dateModified\":\"2026-08-24T09:03:22+00:00\",\"breadcrumb\":{\"@id\":\"https:\\\/\\\/atmintiesvietos.azuolynobiblioteka.lt\\\/en\\\/memory-office\\\/stasys-dovydaitis\\\/#breadcrumb\"},\"inLanguage\":\"en-US\",\"potentialAction\":[{\"@type\":\"ReadAction\",\"target\":[\"https:\\\/\\\/atmintiesvietos.azuolynobiblioteka.lt\\\/en\\\/memory-office\\\/stasys-dovydaitis\\\/\"]}]},{\"@type\":\"ImageObject\",\"inLanguage\":\"en-US\",\"@id\":\"https:\\\/\\\/atmintiesvietos.azuolynobiblioteka.lt\\\/en\\\/memory-office\\\/stasys-dovydaitis\\\/#primaryimage\",\"url\":\"https:\\\/\\\/atmintiesvietos.azuolynobiblioteka.lt\\\/wp-content\\\/uploads\\\/2026\\\/06\\\/IMG-1505-copy-50-scaled.jpg\",\"contentUrl\":\"https:\\\/\\\/atmintiesvietos.azuolynobiblioteka.lt\\\/wp-content\\\/uploads\\\/2026\\\/06\\\/IMG-1505-copy-50-scaled.jpg\",\"width\":2560,\"height\":1707,\"caption\":\"S. Dovydaitis speaks to the Memory Office team. Kaunas 2022 Archive, 2019.\"},{\"@type\":\"BreadcrumbList\",\"@id\":\"https:\\\/\\\/atmintiesvietos.azuolynobiblioteka.lt\\\/en\\\/memory-office\\\/stasys-dovydaitis\\\/#breadcrumb\",\"itemListElement\":[{\"@type\":\"ListItem\",\"position\":1,\"name\":\"Prad\u017eia\",\"item\":\"https:\\\/\\\/atmintiesvietos.azuolynobiblioteka.lt\\\/en\\\/\"},{\"@type\":\"ListItem\",\"position\":2,\"name\":\"Stasys Dovydaitis\"}]},{\"@type\":\"WebSite\",\"@id\":\"https:\\\/\\\/atmintiesvietos.azuolynobiblioteka.lt\\\/en\\\/#website\",\"url\":\"https:\\\/\\\/atmintiesvietos.azuolynobiblioteka.lt\\\/en\\\/\",\"name\":\"atmintiesvietos.azuolynobiblioteka\",\"description\":\"\",\"potentialAction\":[{\"@type\":\"SearchAction\",\"target\":{\"@type\":\"EntryPoint\",\"urlTemplate\":\"https:\\\/\\\/atmintiesvietos.azuolynobiblioteka.lt\\\/en\\\/?s={search_term_string}\"},\"query-input\":{\"@type\":\"PropertyValueSpecification\",\"valueRequired\":true,\"valueName\":\"search_term_string\"}}],\"inLanguage\":\"en-US\"}]}<\/script>\n<!-- \/ Yoast SEO plugin. -->","yoast_head_json":{"title":"Stasys Dovydaitis - atmintiesvietos","robots":{"index":"noindex","follow":"follow","max-snippet":"max-snippet:-1","max-image-preview":"max-image-preview:large","max-video-preview":"max-video-preview:-1"},"og_locale":"en_US","og_type":"article","og_title":"Stasys Dovydaitis - atmintiesvietos","og_description":"Partizan Stasys Dovydaitis tells a story about All Saints&#8217; day events in 1956 in Kaunas Old Cemetery. \u00a0 I am in the club of the signatories of February 16th.The brother of my father, professor Pranas Dovydaitis was a signatory of Acto f February 16th. He was a director in \u201cAu\u0161ra\u201d gymnasium and later he lectured [&hellip;]","og_url":"https:\/\/atmintiesvietos.azuolynobiblioteka.lt\/en\/memory-office\/stasys-dovydaitis\/","og_site_name":"atmintiesvietos","article_modified_time":"2026-08-24T09:03:22+00:00","og_image":[{"width":2560,"height":1707,"url":"https:\/\/atmintiesvietos.azuolynobiblioteka.lt\/wp-content\/uploads\/2026\/06\/IMG-1505-copy-50-scaled.jpg","type":"image\/jpeg"}],"twitter_card":"summary_large_image","twitter_misc":{"Est. reading time":"8 minutes"},"schema":{"@context":"https:\/\/schema.org","@graph":[{"@type":"WebPage","@id":"https:\/\/atmintiesvietos.azuolynobiblioteka.lt\/en\/memory-office\/stasys-dovydaitis\/","url":"https:\/\/atmintiesvietos.azuolynobiblioteka.lt\/en\/memory-office\/stasys-dovydaitis\/","name":"Stasys Dovydaitis - atmintiesvietos","isPartOf":{"@id":"https:\/\/atmintiesvietos.azuolynobiblioteka.lt\/en\/#website"},"primaryImageOfPage":{"@id":"https:\/\/atmintiesvietos.azuolynobiblioteka.lt\/en\/memory-office\/stasys-dovydaitis\/#primaryimage"},"image":{"@id":"https:\/\/atmintiesvietos.azuolynobiblioteka.lt\/en\/memory-office\/stasys-dovydaitis\/#primaryimage"},"thumbnailUrl":"https:\/\/atmintiesvietos.azuolynobiblioteka.lt\/wp-content\/uploads\/2026\/06\/IMG-1505-copy-50-scaled.jpg","datePublished":"2026-06-22T11:00:35+00:00","dateModified":"2026-08-24T09:03:22+00:00","breadcrumb":{"@id":"https:\/\/atmintiesvietos.azuolynobiblioteka.lt\/en\/memory-office\/stasys-dovydaitis\/#breadcrumb"},"inLanguage":"en-US","potentialAction":[{"@type":"ReadAction","target":["https:\/\/atmintiesvietos.azuolynobiblioteka.lt\/en\/memory-office\/stasys-dovydaitis\/"]}]},{"@type":"ImageObject","inLanguage":"en-US","@id":"https:\/\/atmintiesvietos.azuolynobiblioteka.lt\/en\/memory-office\/stasys-dovydaitis\/#primaryimage","url":"https:\/\/atmintiesvietos.azuolynobiblioteka.lt\/wp-content\/uploads\/2026\/06\/IMG-1505-copy-50-scaled.jpg","contentUrl":"https:\/\/atmintiesvietos.azuolynobiblioteka.lt\/wp-content\/uploads\/2026\/06\/IMG-1505-copy-50-scaled.jpg","width":2560,"height":1707,"caption":"S. Dovydaitis speaks to the Memory Office team. Kaunas 2022 Archive, 2019."},{"@type":"BreadcrumbList","@id":"https:\/\/atmintiesvietos.azuolynobiblioteka.lt\/en\/memory-office\/stasys-dovydaitis\/#breadcrumb","itemListElement":[{"@type":"ListItem","position":1,"name":"Prad\u017eia","item":"https:\/\/atmintiesvietos.azuolynobiblioteka.lt\/en\/"},{"@type":"ListItem","position":2,"name":"Stasys Dovydaitis"}]},{"@type":"WebSite","@id":"https:\/\/atmintiesvietos.azuolynobiblioteka.lt\/en\/#website","url":"https:\/\/atmintiesvietos.azuolynobiblioteka.lt\/en\/","name":"atmintiesvietos.azuolynobiblioteka","description":"","potentialAction":[{"@type":"SearchAction","target":{"@type":"EntryPoint","urlTemplate":"https:\/\/atmintiesvietos.azuolynobiblioteka.lt\/en\/?s={search_term_string}"},"query-input":{"@type":"PropertyValueSpecification","valueRequired":true,"valueName":"search_term_string"}}],"inLanguage":"en-US"}]}},"_links":{"self":[{"href":"https:\/\/atmintiesvietos.azuolynobiblioteka.lt\/en\/wp-json\/wp\/v2\/memory-office\/4830","targetHints":{"allow":["GET"]}}],"collection":[{"href":"https:\/\/atmintiesvietos.azuolynobiblioteka.lt\/en\/wp-json\/wp\/v2\/memory-office"}],"about":[{"href":"https:\/\/atmintiesvietos.azuolynobiblioteka.lt\/en\/wp-json\/wp\/v2\/types\/memory-office"}],"version-history":[{"count":1,"href":"https:\/\/atmintiesvietos.azuolynobiblioteka.lt\/en\/wp-json\/wp\/v2\/memory-office\/4830\/revisions"}],"predecessor-version":[{"id":4841,"href":"https:\/\/atmintiesvietos.azuolynobiblioteka.lt\/en\/wp-json\/wp\/v2\/memory-office\/4830\/revisions\/4841"}],"wp:featuredmedia":[{"embeddable":true,"href":"https:\/\/atmintiesvietos.azuolynobiblioteka.lt\/en\/wp-json\/wp\/v2\/media\/2886"}],"wp:attachment":[{"href":"https:\/\/atmintiesvietos.azuolynobiblioteka.lt\/en\/wp-json\/wp\/v2\/media?parent=4830"}],"wp:term":[{"taxonomy":"global_cat","embeddable":true,"href":"https:\/\/atmintiesvietos.azuolynobiblioteka.lt\/en\/wp-json\/wp\/v2\/global_cat?post=4830"},{"taxonomy":"memory_office_cat","embeddable":true,"href":"https:\/\/atmintiesvietos.azuolynobiblioteka.lt\/en\/wp-json\/wp\/v2\/memory_office_cat?post=4830"}],"curies":[{"name":"wp","href":"https:\/\/api.w.org\/{rel}","templated":true}]}}